{"id":156,"date":"2021-05-08T07:32:53","date_gmt":"2021-05-08T07:32:53","guid":{"rendered":"https:\/\/lpmdgl.ch\/?page_id=156"},"modified":"2021-05-12T08:53:47","modified_gmt":"2021-05-12T08:53:47","slug":"petite-marmite","status":"publish","type":"page","link":"https:\/\/lpmdgl.ch\/index.php\/petite-marmite\/","title":{"rendered":"La Petite Marmite des Grands L\u00e9gumes"},"content":{"rendered":"\n<div class=\"wp-block-image is-style-default\"><figure class=\"aligncenter size-medium is-resized\"><img loading=\"lazy\" decoding=\"async\" src=\"https:\/\/lpmdgl.ch\/wp-content\/uploads\/2021\/05\/IMG-20210314-WA0062-300x300.jpg\" alt=\"\" class=\"wp-image-184\" width=\"312\" height=\"312\" srcset=\"https:\/\/lpmdgl.ch\/wp-content\/uploads\/2021\/05\/IMG-20210314-WA0062-300x300.jpg 300w, https:\/\/lpmdgl.ch\/wp-content\/uploads\/2021\/05\/IMG-20210314-WA0062-1024x1024.jpg 1024w, https:\/\/lpmdgl.ch\/wp-content\/uploads\/2021\/05\/IMG-20210314-WA0062-150x150.jpg 150w, https:\/\/lpmdgl.ch\/wp-content\/uploads\/2021\/05\/IMG-20210314-WA0062-768x768.jpg 768w, https:\/\/lpmdgl.ch\/wp-content\/uploads\/2021\/05\/IMG-20210314-WA0062.jpg 1080w\" sizes=\"auto, (max-width: 312px) 100vw, 312px\" \/><\/figure><\/div>\n\n\n\n<p class=\"wp-block-paragraph\">Les produits de La Petite Maison des Grands L\u00e9gumes vont te faire plaisir!<\/p>\n\n\n\n<p class=\"wp-block-paragraph\">Gr\u00e2ce \u00e0 \u00ab\u00a0La Petite Marmite des Grands L\u00e9gumes\u00a0\u00bb, tu vas (re)d\u00e9couvrir notre assortiment ainsi que des produits de nos partenaires comme les \u0153ufs de la \u00ab\u00a0Ferme des Pr\u00eales\u00a0\u00bb ou encore les jus des des \u00ab\u00a0Vergers du Soleil\u00a0\u00bb.<\/p>\n\n\n\n<p class=\"wp-block-paragraph\">Retrouve r\u00e9guli\u00e8rement notre \u00ab\u00a0Marmite\u00a0\u00bb, pour (r\u00e9)inventer tes envies de couleurs et de verdures: recette, id\u00e9es de plats, conserves, variations avec le jeu des saisons et les tr\u00e9sors de nos artisans.<\/p>\n\n\n\n<p class=\"wp-block-paragraph\"><strong>Notre but: te surprendre et te partager nos envies de gourmandise!<\/strong><\/p>\n\n\n\n<p class=\"wp-block-paragraph\"><strong>LA MARMITE-C&rsquo;EST QUOI ?<\/strong><\/p>\n\n\n\n<p class=\"wp-block-paragraph\">Un assortiment compos\u00e9 d&rsquo;une s\u00e9lection de produits de La Petite Maison des Grands L\u00e9gumes, accompagn\u00e9s par ceux d&rsquo;artisans partenaires. Pour te faire plaisir ou faire plaisir!<\/p>\n\n\n\n<p class=\"wp-block-paragraph\"><strong>LA RECETTE<\/strong><\/p>\n\n\n\n<p class=\"wp-block-paragraph\">Cette \u00ab\u00a0Marmite\u00a0\u00bb sera accompagn\u00e9e d&rsquo;une id\u00e9e de recette qui sublimera ces produits<\/p>\n\n\n\n<p class=\"wp-block-paragraph\"><strong>LA VID\u00c9O<\/strong><\/p>\n\n\n\n<p class=\"wp-block-paragraph\">Chaque \u00ab\u00a0Marmite\u00a0\u00bb et sa recette seront pr\u00e9sent\u00e9s en vid\u00e9o pour te guider dans la r\u00e9alisation du plat.<\/p>\n\n\n\n<p class=\"wp-block-paragraph\">COMMANDE TA MARMITE<\/p>\n\n\n\n<p class=\"wp-block-paragraph\">Par t\u00e9l\u00e9phone ou WhatsApp au<strong> 079 548 82 17<\/strong>, par e-mail: <strong><span \n                data-original-string='IlcfmqrvujDiLM1OkLzAfg==c4eYg+FJ5J2VhPOfgA6Djq53A=='\n                class='apbct-email-encoder'\n                title='This contact has been encoded by Anti-Spam by CleanTalk. Click to decode. To finish the decoding make sure that JavaScript is enabled in your browser.'>in<span class=\"apbct-blur\">**<\/span>@<span class=\"apbct-blur\">****<\/span>gl.ch<\/span><\/strong><\/p>\n\n\n\n<p class=\"wp-block-paragraph\"><strong>Command\u00e9e avant 11h00 = livr\u00e9e le lendemain<\/strong><\/p>\n\n\n\n<p class=\"wp-block-paragraph\"><strong>RETRAIT \u00c0 NOTRE D\u00c9P\u00d4T<\/strong><\/p>\n\n\n\n<p class=\"wp-block-paragraph\">Du lundi au samedi, de 8h00 \u00e0 11h30, Chemin St-Hubert 18, 1950 Sion<\/p>\n\n\n\n<p class=\"wp-block-paragraph\"><strong>LIVRAISON \u00c0 DOMICILE<\/strong><\/p>\n\n\n\n<p class=\"wp-block-paragraph\">Sion et environs: du lundi au samedi<\/p>\n\n\n\n<p class=\"wp-block-paragraph\">Nendaz r\u00e9gion: tous les mardis<\/p>\n\n\n\n<p class=\"wp-block-paragraph\">Savi\u00e8se: tous les mercredis<\/p>\n\n\n\n<p class=\"wp-block-paragraph\">Ayent: tous les vendredis<\/p>\n\n\n\n<p class=\"wp-block-paragraph\"><strong>PARTAGE TA MARMITE !<\/strong><\/p>\n\n\n\n<p class=\"wp-block-paragraph\">Une fois ta \u00ab\u00a0Marmite\u00a0\u00bb r\u00e9alis\u00e9e, d\u00e9guste-la et partage-la avec notre hashtag <strong>#marmitetavie<\/strong> et notre tag <strong>@lpmdgl<\/strong><\/p>\n\n\n\n<p class=\"wp-block-paragraph\">D\u00e9couvre notre<a href=\"https:\/\/lpmdgl.ch\/index.php\/blog\/\" data-type=\"URL\" data-id=\"https:\/\/lpmdgl.ch\/index.php\/blog\/\"> \u00ab\u00a0La Petite Marmite\u00a0\u00bb<\/a> actuelle<\/p>\n\n\n\n<figure class=\"wp-block-image size-medium\"><img loading=\"lazy\" decoding=\"async\" width=\"300\" height=\"282\" src=\"https:\/\/lpmdgl.ch\/wp-content\/uploads\/2021\/05\/20210311_201313-1-300x282.jpg\" alt=\"\" class=\"wp-image-163\" srcset=\"https:\/\/lpmdgl.ch\/wp-content\/uploads\/2021\/05\/20210311_201313-1-300x282.jpg 300w, https:\/\/lpmdgl.ch\/wp-content\/uploads\/2021\/05\/20210311_201313-1-1024x963.jpg 1024w, https:\/\/lpmdgl.ch\/wp-content\/uploads\/2021\/05\/20210311_201313-1-768x722.jpg 768w, https:\/\/lpmdgl.ch\/wp-content\/uploads\/2021\/05\/20210311_201313-1-1536x1444.jpg 1536w, https:\/\/lpmdgl.ch\/wp-content\/uploads\/2021\/05\/20210311_201313-1-2048x1925.jpg 2048w\" sizes=\"auto, (max-width: 300px) 100vw, 300px\" \/><\/figure>\n\n\n\n<figure class=\"wp-block-image size-medium\"><img loading=\"lazy\" decoding=\"async\" width=\"278\" height=\"300\" src=\"https:\/\/lpmdgl.ch\/wp-content\/uploads\/2021\/05\/Polish_20210311_203034783-1-278x300.jpg\" alt=\"\" class=\"wp-image-164\" srcset=\"https:\/\/lpmdgl.ch\/wp-content\/uploads\/2021\/05\/Polish_20210311_203034783-1-278x300.jpg 278w, https:\/\/lpmdgl.ch\/wp-content\/uploads\/2021\/05\/Polish_20210311_203034783-1-948x1024.jpg 948w, https:\/\/lpmdgl.ch\/wp-content\/uploads\/2021\/05\/Polish_20210311_203034783-1-768x829.jpg 768w, https:\/\/lpmdgl.ch\/wp-content\/uploads\/2021\/05\/Polish_20210311_203034783-1.jpg 1054w\" sizes=\"auto, (max-width: 278px) 100vw, 278px\" \/><\/figure>\n\n\n\n<figure class=\"wp-block-image size-medium\"><img loading=\"lazy\" decoding=\"async\" width=\"300\" height=\"300\" src=\"https:\/\/lpmdgl.ch\/wp-content\/uploads\/2021\/05\/IMG-20210311-WA0021-1-300x300.jpg\" alt=\"\" class=\"wp-image-165\" srcset=\"https:\/\/lpmdgl.ch\/wp-content\/uploads\/2021\/05\/IMG-20210311-WA0021-1-300x300.jpg 300w, https:\/\/lpmdgl.ch\/wp-content\/uploads\/2021\/05\/IMG-20210311-WA0021-1-1024x1024.jpg 1024w, https:\/\/lpmdgl.ch\/wp-content\/uploads\/2021\/05\/IMG-20210311-WA0021-1-150x150.jpg 150w, https:\/\/lpmdgl.ch\/wp-content\/uploads\/2021\/05\/IMG-20210311-WA0021-1-768x768.jpg 768w, https:\/\/lpmdgl.ch\/wp-content\/uploads\/2021\/05\/IMG-20210311-WA0021-1-1536x1536.jpg 1536w, https:\/\/lpmdgl.ch\/wp-content\/uploads\/2021\/05\/IMG-20210311-WA0021-1.jpg 2048w\" sizes=\"auto, (max-width: 300px) 100vw, 300px\" \/><\/figure>\n","protected":false},"excerpt":{"rendered":"<p>Les produits de La Petite Maison des Grands L\u00e9gumes vont te faire plaisir! Gr\u00e2ce \u00e0 \u00ab\u00a0La Petite Marmite des Grands L\u00e9gumes\u00a0\u00bb, tu vas (re)d\u00e9couvrir notre assortiment ainsi que des produits de nos partenaires comme les \u0153ufs de la \u00ab\u00a0Ferme des Pr\u00eales\u00a0\u00bb ou encore les jus des des \u00ab\u00a0Vergers du Soleil\u00a0\u00bb. Retrouve r\u00e9guli\u00e8rement notre \u00ab\u00a0Marmite\u00a0\u00bb, pour<span class=\"read-more-wrap\"><a class=\"moretag\" href=\"https:\/\/lpmdgl.ch\/index.php\/petite-marmite\/\">Lire la suite<span class=\"screen-reader-text\">La Petite Marmite des Grands L\u00e9gumes<\/span><\/a><\/span><\/p>\n","protected":false},"author":1,"featured_media":141,"parent":0,"menu_order":0,"comment_status":"closed","ping_status":"closed","template":"template-fullwidth-no-title.php","meta":{"footnotes":""},"class_list":["post-156","page","type-page","status-publish","has-post-thumbnail","hentry"],"_links":{"self":[{"href":"https:\/\/lpmdgl.ch\/index.php\/wp-json\/wp\/v2\/pages\/156","targetHints":{"allow":["GET"]}}],"collection":[{"href":"https:\/\/lpmdgl.ch\/index.php\/wp-json\/wp\/v2\/pages"}],"about":[{"href":"https:\/\/lpmdgl.ch\/index.php\/wp-json\/wp\/v2\/types\/page"}],"author":[{"embeddable":true,"href":"https:\/\/lpmdgl.ch\/index.php\/wp-json\/wp\/v2\/users\/1"}],"replies":[{"embeddable":true,"href":"https:\/\/lpmdgl.ch\/index.php\/wp-json\/wp\/v2\/comments?post=156"}],"version-history":[{"count":8,"href":"https:\/\/lpmdgl.ch\/index.php\/wp-json\/wp\/v2\/pages\/156\/revisions"}],"predecessor-version":[{"id":185,"href":"https:\/\/lpmdgl.ch\/index.php\/wp-json\/wp\/v2\/pages\/156\/revisions\/185"}],"wp:featuredmedia":[{"embeddable":true,"href":"https:\/\/lpmdgl.ch\/index.php\/wp-json\/wp\/v2\/media\/141"}],"wp:attachment":[{"href":"https:\/\/lpmdgl.ch\/index.php\/wp-json\/wp\/v2\/media?parent=156"}],"curies":[{"name":"wp","href":"https:\/\/api.w.org\/{rel}","templated":true}]}}